{"id":50,"date":"2024-03-23T14:12:20","date_gmt":"2024-03-23T13:12:20","guid":{"rendered":"https:\/\/firemniportrety.cz\/?page_id=50"},"modified":"2025-10-10T11:14:21","modified_gmt":"2025-10-10T09:14:21","slug":"uvodni-stranka","status":"publish","type":"page","link":"https:\/\/firemniportrety.cz\/en\/","title":{"rendered":"\u00davodn\u00ed str\u00e1nka"},"content":{"rendered":"<p>[et_pb_section fb_built=&#8220;1&#8243; admin_label=&#8220;Header&#8220; _builder_version=&#8220;4.27.4&#8243; _module_preset=&#8220;default&#8220; use_background_color_gradient=&#8220;on&#8220; background_color_gradient_stops=&#8220;rgba(0,0,0,0.5) 0%|rgba(0,0,0,0.5) 100%&#8220; background_color_gradient_overlays_image=&#8220;on&#8220; background_image=&#8220;https:\/\/firemniportrety.cz\/wp-content\/uploads\/2025\/02\/Vojtech-Vlk-2025web.jpg&#8220; background_position=&#8220;top_center&#8220; background_vertical_offset=&#8220;40%&#8220; height=&#8220;860px&#8220; height_tablet=&#8220;531px&#8220; height_phone=&#8220;333px&#8220; height_last_edited=&#8220;on|phone&#8220; custom_padding=&#8220;0px||0px||true|false&#8220; background_last_edited=&#8220;on|desktop&#8220; parallax_phone=&#8220;off&#8220; background_size_phone=&#8220;cover&#8220; background_image_width_phone=&#8220;100%&#8220; background_image_height_phone=&#8220;93%&#8220; collapsed=&#8220;on&#8220; global_colors_info=&#8220;{}&#8220;][et_pb_row custom_padding_last_edited=&#8220;on|tablet&#8220; _builder_version=&#8220;4.24.2&#8243; _module_preset=&#8220;_initial&#8220; max_width=&#8220;1200px&#8220; custom_margin=&#8220;0px|auto|0px|auto|false|false&#8220; custom_margin_tablet=&#8220;0px||0px||false|false&#8220; custom_margin_phone=&#8220;0px|auto|0px|auto|false|false&#8220; custom_margin_last_edited=&#8220;on|phone&#8220; custom_padding=&#8220;461px||461px||true|false&#8220; custom_padding_tablet=&#8220;240px||240px||true|false&#8220; custom_padding_phone=&#8220;150px||150px||true|false&#8220; global_colors_info=&#8220;{}&#8220;][et_pb_column type=&#8220;4_4&#8243; _builder_version=&#8220;4.20.0&#8243; _module_preset=&#8220;default&#8220; global_colors_info=&#8220;{}&#8220;][et_pb_text _builder_version=&#8220;4.27.4&#8243; _module_preset=&#8220;_initial&#8220; header_font=&#8220;Montserrat|||on|||||&#8220; header_text_color=&#8220;#FFFFFF&#8220; header_font_size=&#8220;75px&#8220; header_letter_spacing=&#8220;0.2px&#8220; header_line_height=&#8220;1.2em&#8220; text_orientation=&#8220;center&#8220; custom_margin_tablet=&#8220;40px||||false|false&#8220; custom_margin_phone=&#8220;40px||||false|false&#8220; custom_margin_last_edited=&#8220;on|phone&#8220; header_font_size_tablet=&#8220;40px&#8220; header_font_size_phone=&#8220;21px&#8220; header_font_size_last_edited=&#8220;on|tablet&#8220; header_letter_spacing_tablet=&#8220;1.2px&#8220; header_letter_spacing_phone=&#8220;1.2px&#8220; header_letter_spacing_last_edited=&#8220;on|tablet&#8220; global_colors_info=&#8220;{}&#8220;]<\/p>\n<h1>Business portraits<\/h1>\n<p>[\/et_pb_text][et_pb_text _builder_version=&#8220;4.27.4&#8243; _module_preset=&#8220;_initial&#8220; header_font=&#8220;Montserrat||on||||||&#8220; header_text_color=&#8220;#FFFFFF&#8220; header_letter_spacing=&#8220;0.2px&#8220; header_line_height=&#8220;1.2em&#8220; text_orientation=&#8220;center&#8220; header_font_size_tablet=&#8220;20px&#8220; header_font_size_phone=&#8220;16px&#8220; header_font_size_last_edited=&#8220;on|phone&#8220; header_letter_spacing_tablet=&#8220;1.2px&#8220; header_letter_spacing_phone=&#8220;1.2px&#8220; header_letter_spacing_last_edited=&#8220;on|tablet&#8220; global_colors_info=&#8220;{}&#8220;]<\/p>\n<h1>by Vojt\u011bch Vlk<\/h1>\n<p>[\/et_pb_text][\/et_pb_column][\/et_pb_row][\/et_pb_section][et_pb_section fb_built=&#8220;1&#8243; module_id=&#8220;fotky&#8220; _builder_version=&#8220;4.25.1&#8243; _module_preset=&#8220;default&#8220; height=&#8220;1000px&#8220; custom_padding=&#8220;20px||||false|false&#8220; global_colors_info=&#8220;{}&#8220;][et_pb_row _builder_version=&#8220;4.27.4&#8243; _module_preset=&#8220;_initial&#8220; width=&#8220;100%&#8220; max_width=&#8220;100%&#8220; height=&#8220;900px&#8220; height_tablet=&#8220;auto&#8220; height_phone=&#8220;auto&#8220; height_last_edited=&#8220;on|tablet&#8220; custom_margin=&#8220;|auto|0px|auto||&#8220; custom_margin_tablet=&#8220;|auto|0px|auto||&#8220; custom_margin_phone=&#8220;-22px|auto|0px|auto|false|false&#8220; custom_margin_last_edited=&#8220;on|phone&#8220; global_colors_info=&#8220;{}&#8220;][et_pb_column type=&#8220;4_4&#8243; _builder_version=&#8220;4.24.2&#8243; _module_preset=&#8220;default&#8220; global_colors_info=&#8220;{}&#8220;][et_pb_text content_tablet=&#8220;<\/p>\n<p style=\"%22text-align:\" center;%22><b>Professional corporate portraits with a human approach<\/b><\/p>\n<p>&#8220; content_phone=&#8220;<\/p>\n<p style=\"%22text-align:\" center;%22><b>Professional corporate portraits with a human approach<\/b><\/p>\n<p>&#8220; content_last_edited=&#8220;on|phone&#8220; _builder_version=&#8220;4.27.4&#8243; _module_preset=&#8220;default&#8220; text_font=&#8220;Roboto|700|||||||&#8220; text_text_color=&#8220;#242424&#8243; text_font_size=&#8220;40px&#8220; max_width_tablet=&#8220;&#8220; max_width_phone=&#8220;95%&#8220; max_width_last_edited=&#8220;on|phone&#8220; custom_margin=&#8220;0px||30px||false|false&#8220; custom_margin_tablet=&#8220;10px||0px||false|false&#8220; custom_margin_phone=&#8220;0px|10px|20px|10px|false|true&#8220; custom_margin_last_edited=&#8220;on|phone&#8220; text_font_last_edited=&#8220;off|tablet&#8220; text_font_size_tablet=&#8220;30px&#8220; text_font_size_phone=&#8220;16px&#8220; text_font_size_last_edited=&#8220;on|phone&#8220; global_colors_info=&#8220;{}&#8220;]<\/p>\n<p style=\"text-align: center;\"><b>Professional corporate portraits with a human approach<\/b><\/p>\n<p>[\/et_pb_text][et_pb_text content_tablet=&#8220;<\/p>\n<p style=\"%22text-align:\" center;%22>High-quality business portraits of individuals and entire teams \u2013 in a pleasant atmosphere and with top-notch results<\/p>\n<p>&#8220; content_phone=&#8220;<\/p>\n<p style=\"%22text-align:\" center;%22>High-quality business portraits of individuals and entire teams \u2013 in a pleasant atmosphere and with top-notch results<\/p>\n<p>&#8220; content_last_edited=&#8220;on|desktop&#8220; _builder_version=&#8220;4.27.4&#8243; _module_preset=&#8220;default&#8220; text_font=&#8220;Roboto|700|||||||&#8220; text_text_color=&#8220;#242424&#8243; text_font_size=&#8220;25px&#8220; max_width_tablet=&#8220;&#8220; max_width_phone=&#8220;95%&#8220; max_width_last_edited=&#8220;on|phone&#8220; custom_margin=&#8220;0px||0px||false|false&#8220; custom_margin_tablet=&#8220;10px||0px||false|false&#8220; custom_margin_phone=&#8220;0px|10px|0px|10px|false|true&#8220; custom_margin_last_edited=&#8220;on|tablet&#8220; text_font_last_edited=&#8220;off|tablet&#8220; text_font_size_tablet=&#8220;20px&#8220; text_font_size_phone=&#8220;15px&#8220; text_font_size_last_edited=&#8220;on|phone&#8220; global_colors_info=&#8220;{}&#8220;]<\/p>\n<p style=\"text-align: center;\">High-quality business portraits of individuals and entire teams \u2013 in a pleasant atmosphere and with top-notch results<\/p>\n<p>[\/et_pb_text][et_pb_text content_tablet=&#8220;<\/p>\n<p style=\"%22text-align:\" center;%22>First impressions matter \u2013 and a high-quality corporate portrait is an essential part of it. Our team, led by photographer Vojta Vlk, specializes in professional portraits that naturally capture each person's personality. With over 10 years of experience, we know how to create a relaxed atmosphere where natural and representative photos are taken.<\/p>\n<p>&#8220; content_phone=&#8220;<\/p>\n<p style=\"%22text-align:\" center;%22>First impressions matter \u2013 and a high-quality corporate portrait is an essential part of it. Our team, led by photographer Vojta Vlk, specializes in professional portraits that naturally capture each person's personality. With over 10 years of experience, we know how to create a relaxed atmosphere where natural and representative photos are taken.<\/p>\n<p>&#8220; content_last_edited=&#8220;on|desktop&#8220; _builder_version=&#8220;4.27.4&#8243; _module_preset=&#8220;default&#8220; text_font=&#8220;Roboto||||||||&#8220; text_text_color=&#8220;#242424&#8243; text_font_size=&#8220;20px&#8220; text_line_height=&#8220;1.3em&#8220; width=&#8220;75%&#8220; width_tablet=&#8220;75%&#8220; width_phone=&#8220;100%&#8220; width_last_edited=&#8220;on|phone&#8220; max_width=&#8220;100%&#8220; max_width_tablet=&#8220;&#8220; max_width_phone=&#8220;95%&#8220; max_width_last_edited=&#8220;on|phone&#8220; module_alignment=&#8220;center&#8220; custom_margin=&#8220;20px|0px|0px|0px|false|false&#8220; custom_margin_tablet=&#8220;10px||0px||false|false&#8220; custom_margin_phone=&#8220;20px|10px|0px|10px|false|true&#8220; custom_margin_last_edited=&#8220;on|tablet&#8220; text_font_last_edited=&#8220;off|tablet&#8220; text_font_size_tablet=&#8220;15px&#8220; text_font_size_phone=&#8220;14px&#8220; text_font_size_last_edited=&#8220;on|desktop&#8220; text_line_height_tablet=&#8220;1.2em&#8220; text_line_height_phone=&#8220;1.2em&#8220; text_line_height_last_edited=&#8220;on|phone&#8220; text_orientation_tablet=&#8220;center&#8220; text_orientation_phone=&#8220;center&#8220; text_orientation_last_edited=&#8220;on|desktop&#8220; module_alignment_tablet=&#8220;center&#8220; module_alignment_phone=&#8220;center&#8220; module_alignment_last_edited=&#8220;on|tablet&#8220; global_colors_info=&#8220;{}&#8220;]<\/p>\n<p style=\"text-align: center;\">First impressions matter \u2013 and a high-quality corporate portrait is an essential part of it. Our team, led by photographer Vojta Vlk, specializes in professional portraits that naturally capture each person's personality. With over 10 years of experience, we know how to create a relaxed atmosphere where natural and representative photos are taken.<\/p>\n<p>[\/et_pb_text][et_pb_image src=&#8220;https:\/\/firemniportrety.cz\/wp-content\/uploads\/2024\/12\/Michelle-Simmons-1.jpg&#8220; title_text=&#8220;Michelle Simmons 1&#8243; align=&#8220;center&#8220; _builder_version=&#8220;4.27.4&#8243; _module_preset=&#8220;default&#8220; custom_margin=&#8220;60px||||false|false&#8220; custom_margin_tablet=&#8220;80px||130px||false|false&#8220; custom_margin_phone=&#8220;91px||91px||false|false&#8220; custom_margin_last_edited=&#8220;on|phone&#8220; global_colors_info=&#8220;{}&#8220;][\/et_pb_image][et_pb_text content_tablet=&#8220;<\/p>\n<p style=\"%22text-align:\" center;%22><strong>Michelle Simmons<\/strong>, President, Central Europe at Microsoft<\/p>\n<p>&#8220; content_phone=&#8220;<\/p>\n<p style=\"%22text-align:\" center;%22><strong>Michelle Simmons<\/strong>, President, Central Europe at Microsoft<\/p>\n<p>&#8220; content_last_edited=&#8220;on|phone&#8220; _builder_version=&#8220;4.27.4&#8243; _module_preset=&#8220;default&#8220; text_font=&#8220;Open Sans||||||||&#8220; text_text_color=&#8220;#242424&#8243; text_font_size=&#8220;20px&#8220; max_width_tablet=&#8220;&#8220; max_width_phone=&#8220;95%&#8220; max_width_last_edited=&#8220;on|phone&#8220; custom_margin=&#8220;-10px||30px||false|false&#8220; custom_margin_tablet=&#8220;-120px||30px|30px|false|false&#8220; custom_margin_phone=&#8220;-80px|10px|0px|10px|false|true&#8220; custom_margin_last_edited=&#8220;on|tablet&#8220; text_font_size_tablet=&#8220;20px&#8220; text_font_size_phone=&#8220;14px&#8220; text_font_size_last_edited=&#8220;on|phone&#8220; global_colors_info=&#8220;{}&#8220;]<\/p>\n<p style=\"text-align: center;\"><strong>Michelle Simmons<\/strong>, President, Central Europe at Microsoft<\/p>\n<p>[\/et_pb_text][\/et_pb_column][\/et_pb_row][et_pb_row _builder_version=&#8220;4.25.1&#8243; _module_preset=&#8220;_initial&#8220; width=&#8220;100%&#8220; max_width=&#8220;100%&#8220; height=&#8220;900px&#8220; height_tablet=&#8220;auto&#8220; height_phone=&#8220;auto&#8220; height_last_edited=&#8220;on|tablet&#8220; custom_margin=&#8220;|auto|0px|auto||&#8220; custom_margin_tablet=&#8220;|auto|0px|auto||&#8220; custom_margin_phone=&#8220;-22px|auto|0px|auto|false|false&#8220; custom_margin_last_edited=&#8220;on|phone&#8220; global_colors_info=&#8220;{}&#8220;][et_pb_column type=&#8220;4_4&#8243; _builder_version=&#8220;4.24.2&#8243; _module_preset=&#8220;default&#8220; global_colors_info=&#8220;{}&#8220;][et_pb_text content_tablet=&#8220;<\/p>\n<p style=\"%22text-align:\" center;%22>High-quality business portraits of individuals and entire teams \u2013 in a pleasant atmosphere and with top-notch results<\/p>\n<p>&#8220; content_phone=&#8220;<\/p>\n<p style=\"%22text-align:\" center;%22>High-quality business portraits of individuals and entire teams \u2013 in a pleasant atmosphere and with top-notch results<\/p>\n<p>&#8220; content_last_edited=&#8220;on|desktop&#8220; _builder_version=&#8220;4.27.4&#8243; _module_preset=&#8220;default&#8220; text_font=&#8220;Roboto|700|||||||&#8220; text_text_color=&#8220;#242424&#8243; text_font_size=&#8220;28px&#8220; max_width_tablet=&#8220;&#8220; max_width_phone=&#8220;100%&#8220; max_width_last_edited=&#8220;on|phone&#8220; custom_margin=&#8220;0px||0px||false|false&#8220; custom_margin_tablet=&#8220;-30px||30px||false|false&#8220; custom_margin_phone=&#8220;-30px|0px|30px|0px|false|false&#8220; custom_margin_last_edited=&#8220;on|phone&#8220; text_font_last_edited=&#8220;off|tablet&#8220; text_font_size_tablet=&#8220;25px&#8220; text_font_size_phone=&#8220;16px&#8220; text_font_size_last_edited=&#8220;on|tablet&#8220; global_colors_info=&#8220;{}&#8220;]<\/p>\n<p style=\"text-align: center;\">Photo studio<\/p>\n<p>[\/et_pb_text][et_pb_text content_tablet=&#8220;<\/p>\n<p style=\"%22text-align:\" center;%22><span>Treat yourself to professional photos in the intimate setting of our fully equipped studio in the center of Prague. We will ensure a smooth process and photos you will be proud of.<\/span><\/p>\n<p>&#8220; content_phone=&#8220;<\/p>\n<p style=\"%22text-align:\" center;%22><span>Treat yourself to professional photos in the intimate setting of our fully equipped studio in the center of Prague. We will ensure a smooth process and photos you will be proud of.<\/span><\/p>\n<p>&#8220; content_last_edited=&#8220;on|phone&#8220; _builder_version=&#8220;4.27.4&#8243; _module_preset=&#8220;default&#8220; text_font=&#8220;Open Sans||||||||&#8220; text_text_color=&#8220;#242424&#8243; text_font_size=&#8220;20px&#8220; width=&#8220;70%&#8220; width_tablet=&#8220;70%&#8220; width_phone=&#8220;70%&#8220; width_last_edited=&#8220;on|tablet&#8220; max_width_tablet=&#8220;&#8220; max_width_phone=&#8220;95%&#8220; max_width_last_edited=&#8220;on|phone&#8220; module_alignment=&#8220;center&#8220; custom_margin=&#8220;10px||0px||false|false&#8220; custom_margin_tablet=&#8220;0px||30px||false|false&#8220; custom_margin_phone=&#8220;0px|10px|0px|10px|false|true&#8220; custom_margin_last_edited=&#8220;on|desktop&#8220; text_font_size_tablet=&#8220;20px&#8220; text_font_size_phone=&#8220;14px&#8220; text_font_size_last_edited=&#8220;on|phone&#8220; module_alignment_tablet=&#8220;center&#8220; module_alignment_phone=&#8220;center&#8220; module_alignment_last_edited=&#8220;on|desktop&#8220; global_colors_info=&#8220;{}&#8220;]<\/p>\n<p style=\"text-align: center;\"><span>Treat yourself to professional photos in the intimate setting of our fully equipped studio in the center of Prague. We will ensure a smooth process and photos you will be proud of.<\/span><\/p>\n<p>[\/et_pb_text][et_pb_button button_url=&#8220;@ET-DC@eyJkeW5hbWljIjp0cnVlLCJjb250ZW50IjoicG9zdF9saW5rX3VybF9wYWdlIiwic2V0dGluZ3MiOnsicG9zdF9pZCI6IjEwNSJ9fQ==@&#8220; button_text=&#8220;V\u00edce o portr\u00e9tech v ateli\u00e9ru&#8220; button_alignment=&#8220;center&#8220; button_alignment_tablet=&#8220;center&#8220; button_alignment_phone=&#8220;center&#8220; button_alignment_last_edited=&#8220;on|tablet&#8220; _builder_version=&#8220;4.27.4&#8243; _dynamic_attributes=&#8220;button_url&#8220; _module_preset=&#8220;default&#8220; custom_button=&#8220;on&#8220; button_text_size=&#8220;20px&#8220; button_text_color=&#8220;#000000&#8243; button_bg_color=&#8220;#FFFFFF&#8220; button_border_width=&#8220;2px&#8220; button_border_radius=&#8220;0px&#8220; custom_margin=&#8220;10px||||false|false&#8220; custom_margin_tablet=&#8220;10px||||false|false&#8220; custom_margin_phone=&#8220;10px||||false|false&#8220; custom_margin_last_edited=&#8220;on|phone&#8220; button_text_size_tablet=&#8220;20px&#8220; button_text_size_phone=&#8220;20px&#8220; button_text_size_last_edited=&#8220;on|desktop&#8220; global_colors_info=&#8220;{}&#8220;][\/et_pb_button][et_pb_image src=&#8220;https:\/\/firemniportrety.cz\/wp-content\/uploads\/2024\/12\/Juchelka_20210906_115.jpg&#8220; title_text=&#8220;Juchelka_20210906_115&#8243; align=&#8220;center&#8220; _builder_version=&#8220;4.27.4&#8243; _module_preset=&#8220;default&#8220; custom_margin=&#8220;60px||||false|false&#8220; custom_margin_tablet=&#8220;0px||130px||false|false&#8220; custom_margin_phone=&#8220;0px||91px||false|false&#8220; custom_margin_last_edited=&#8220;on|phone&#8220; global_colors_info=&#8220;{}&#8220;][\/et_pb_image][et_pb_text content_tablet=&#8220;<\/p>\n<p style=\"%22text-align:\" center;%22><strong>Jan Juchelka<\/strong>, chairman of the Board and Chief Executive Officer of Komer\u010dn\u00ed Banka<\/p>\n<p>&#8220; content_phone=&#8220;<\/p>\n<p style=\"%22text-align:\" center;%22><strong>Jan Juchelka<\/strong>, chairman of the Board and Chief Executive Officer of Komer\u010dn\u00ed Banka<\/p>\n<p>&#8220; content_last_edited=&#8220;on|phone&#8220; _builder_version=&#8220;4.27.4&#8243; _module_preset=&#8220;default&#8220; text_font=&#8220;Open Sans||||||||&#8220; text_text_color=&#8220;#242424&#8243; text_font_size=&#8220;20px&#8220; max_width_tablet=&#8220;&#8220; max_width_phone=&#8220;95%&#8220; max_width_last_edited=&#8220;on|phone&#8220; custom_margin=&#8220;-10px||30px||false|false&#8220; custom_margin_tablet=&#8220;-120px||30px|30px|false|false&#8220; custom_margin_phone=&#8220;-80px|10px|0px|10px|false|true&#8220; custom_margin_last_edited=&#8220;on|tablet&#8220; text_font_size_tablet=&#8220;20px&#8220; text_font_size_phone=&#8220;14px&#8220; text_font_size_last_edited=&#8220;on|phone&#8220; global_colors_info=&#8220;{}&#8220;]<\/p>\n<p style=\"text-align: center;\"><strong>Jan Juchelka<\/strong>, chairman of the Board and Chief Executive Officer of Komer\u010dn\u00ed Banka<\/p>\n<p>[\/et_pb_text][\/et_pb_column][\/et_pb_row][et_pb_row _builder_version=&#8220;4.25.1&#8243; _module_preset=&#8220;_initial&#8220; width=&#8220;100%&#8220; max_width=&#8220;100%&#8220; height=&#8220;900px&#8220; height_tablet=&#8220;auto&#8220; height_phone=&#8220;auto&#8220; height_last_edited=&#8220;on|tablet&#8220; custom_margin=&#8220;|auto|0px|auto||&#8220; custom_margin_tablet=&#8220;|auto|0px|auto||&#8220; custom_margin_phone=&#8220;-22px|auto|0px|auto|false|false&#8220; custom_margin_last_edited=&#8220;on|phone&#8220; global_colors_info=&#8220;{}&#8220;][et_pb_column type=&#8220;4_4&#8243; _builder_version=&#8220;4.24.2&#8243; _module_preset=&#8220;default&#8220; global_colors_info=&#8220;{}&#8220;][et_pb_text content_tablet=&#8220;<\/p>\n<p style=\"%22text-align:\" center;%22><b>Company Portraits<\/b><\/p>\n<p>&#8220; content_phone=&#8220;<\/p>\n<p style=\"%22text-align:\" center;%22><b>Company Portraits<\/b><\/p>\n<p>&#8220; content_last_edited=&#8220;on|desktop&#8220; _builder_version=&#8220;4.27.4&#8243; _module_preset=&#8220;default&#8220; text_font=&#8220;Roboto|700|||||||&#8220; text_text_color=&#8220;#242424&#8243; text_font_size=&#8220;28px&#8220; max_width_tablet=&#8220;&#8220; max_width_phone=&#8220;100%&#8220; max_width_last_edited=&#8220;on|phone&#8220; custom_margin=&#8220;0px||0px||false|false&#8220; custom_margin_tablet=&#8220;-30px||30px||false|false&#8220; custom_margin_phone=&#8220;-30px|0px|30px|0px|false|false&#8220; custom_margin_last_edited=&#8220;on|phone&#8220; text_font_last_edited=&#8220;off|tablet&#8220; text_font_size_tablet=&#8220;25px&#8220; text_font_size_phone=&#8220;16px&#8220; text_font_size_last_edited=&#8220;on|tablet&#8220; global_colors_info=&#8220;{}&#8220;]<\/p>\n<p style=\"text-align: center;\"><b>Company Portraits<\/b><\/p>\n<p>[\/et_pb_text][et_pb_text content_tablet=&#8220;<\/p>\n<p style=\"%22text-align:\" center;%22><span>Treat yourself to professional photos in the intimate setting of our fully equipped studio in the center of Prague. We will ensure a smooth process and photos you will be proud of.<\/span><\/p>\n<p>&#8220; content_phone=&#8220;<\/p>\n<p style=\"%22text-align:\" center;%22><span>Treat yourself to professional photos in the intimate setting of our fully equipped studio in the center of Prague. We will ensure a smooth process and photos you will be proud of.<\/span><\/p>\n<p>&#8220; content_last_edited=&#8220;on|phone&#8220; _builder_version=&#8220;4.27.4&#8243; _module_preset=&#8220;default&#8220; text_font=&#8220;Open Sans||||||||&#8220; text_text_color=&#8220;#242424&#8243; text_font_size=&#8220;20px&#8220; width=&#8220;70%&#8220; width_tablet=&#8220;70%&#8220; width_phone=&#8220;70%&#8220; width_last_edited=&#8220;on|tablet&#8220; max_width_tablet=&#8220;&#8220; max_width_phone=&#8220;95%&#8220; max_width_last_edited=&#8220;on|phone&#8220; module_alignment=&#8220;center&#8220; custom_margin=&#8220;10px||0px||false|false&#8220; custom_margin_tablet=&#8220;0px||30px||false|false&#8220; custom_margin_phone=&#8220;0px|10px|0px|10px|false|true&#8220; custom_margin_last_edited=&#8220;on|desktop&#8220; text_font_size_tablet=&#8220;20px&#8220; text_font_size_phone=&#8220;14px&#8220; text_font_size_last_edited=&#8220;on|phone&#8220; module_alignment_tablet=&#8220;center&#8220; module_alignment_phone=&#8220;center&#8220; module_alignment_last_edited=&#8220;on|desktop&#8220; global_colors_info=&#8220;{}&#8220;]<\/p>\n<p style=\"text-align: center;\"><span>Treat yourself to professional photos in the intimate setting of our fully equipped studio in the center of Prague. We will ensure a smooth process and photos you will be proud of.<\/span><\/p>\n<p>[\/et_pb_text][et_pb_button button_url=&#8220;@ET-DC@eyJkeW5hbWljIjp0cnVlLCJjb250ZW50IjoicG9zdF9saW5rX3VybF9wYWdlIiwic2V0dGluZ3MiOnsicG9zdF9pZCI6IjExNSJ9fQ==@&#8220; button_text=&#8220;V\u00edce o portr\u00e9tech ve firm\u011b&#8220; button_alignment=&#8220;center&#8220; button_text_tablet=&#8220;V\u00edce o portr\u00e9tech ve firm\u011b&#8220; button_text_phone=&#8220;V\u00edce o portr\u00e9tech ve firm\u011b&#8220; button_text_last_edited=&#8220;on|desktop&#8220; button_alignment_tablet=&#8220;center&#8220; button_alignment_phone=&#8220;center&#8220; button_alignment_last_edited=&#8220;on|tablet&#8220; _builder_version=&#8220;4.27.4&#8243; _dynamic_attributes=&#8220;button_url&#8220; _module_preset=&#8220;default&#8220; custom_button=&#8220;on&#8220; button_text_size=&#8220;20px&#8220; button_text_color=&#8220;#000000&#8243; button_bg_color=&#8220;#FFFFFF&#8220; button_border_width=&#8220;2px&#8220; button_border_radius=&#8220;0px&#8220; custom_margin=&#8220;10px||||false|false&#8220; custom_margin_tablet=&#8220;10px||||false|false&#8220; custom_margin_phone=&#8220;10px||||false|false&#8220; custom_margin_last_edited=&#8220;on|phone&#8220; button_text_size_tablet=&#8220;20px&#8220; button_text_size_phone=&#8220;20px&#8220; button_text_size_last_edited=&#8220;on|desktop&#8220; global_colors_info=&#8220;{}&#8220;][\/et_pb_button][et_pb_image src=&#8220;https:\/\/firemniportrety.cz\/wp-content\/uploads\/2024\/12\/Radek-Mraz-G4S-Managing-director.jpg&#8220; title_text=&#8220;PHOTO (C) WWW.VOJTECHVLK.COM&#8220; align=&#8220;center&#8220; _builder_version=&#8220;4.27.4&#8243; _module_preset=&#8220;default&#8220; custom_margin=&#8220;66px||||false|false&#8220; custom_margin_tablet=&#8220;0px||130px||false|false&#8220; custom_margin_phone=&#8220;0px||91px||false|false&#8220; custom_margin_last_edited=&#8220;on|phone&#8220; global_colors_info=&#8220;{}&#8220;][\/et_pb_image][et_pb_text content_tablet=&#8220;<\/p>\n<p style=\"%22text-align:\" center;%22><strong>Radek Mr\u00e1z<\/strong>, G4S Managing director<\/p>\n<p>&#8220; content_phone=&#8220;<\/p>\n<p style=\"%22text-align:\" center;%22><strong>Radek Mr\u00e1z<\/strong>, G4S Managing director<\/p>\n<p>&#8220; content_last_edited=&#8220;on|tablet&#8220; _builder_version=&#8220;4.27.4&#8243; _module_preset=&#8220;default&#8220; text_font=&#8220;Open Sans||||||||&#8220; text_text_color=&#8220;#242424&#8243; text_font_size=&#8220;20px&#8220; max_width_tablet=&#8220;&#8220; max_width_phone=&#8220;95%&#8220; max_width_last_edited=&#8220;on|phone&#8220; custom_margin=&#8220;-10px||30px||false|false&#8220; custom_margin_tablet=&#8220;-120px||30px|30px|false|false&#8220; custom_margin_phone=&#8220;-80px|10px|0px|10px|false|true&#8220; custom_margin_last_edited=&#8220;on|tablet&#8220; text_font_size_tablet=&#8220;20px&#8220; text_font_size_phone=&#8220;14px&#8220; text_font_size_last_edited=&#8220;on|phone&#8220; global_colors_info=&#8220;{}&#8220;]<\/p>\n<p style=\"text-align: center;\"><strong>Radek Mr\u00e1z<\/strong>, G4S Managing director<\/p>\n<p>[\/et_pb_text][\/et_pb_column][\/et_pb_row][et_pb_row _builder_version=&#8220;4.25.1&#8243; _module_preset=&#8220;_initial&#8220; width=&#8220;100%&#8220; max_width=&#8220;100%&#8220; height=&#8220;900px&#8220; height_tablet=&#8220;auto&#8220; height_phone=&#8220;auto&#8220; height_last_edited=&#8220;on|tablet&#8220; custom_margin=&#8220;|auto|0px|auto||&#8220; custom_margin_tablet=&#8220;|auto|0px|auto||&#8220; custom_margin_phone=&#8220;-22px|auto|0px|auto|false|false&#8220; custom_margin_last_edited=&#8220;on|phone&#8220; global_colors_info=&#8220;{}&#8220;][et_pb_column type=&#8220;4_4&#8243; _builder_version=&#8220;4.24.2&#8243; _module_preset=&#8220;default&#8220; global_colors_info=&#8220;{}&#8220;][et_pb_text content_tablet=&#8220;<\/p>\n<p style=\"%22text-align:\" center;%22><b>5 reasons to choose us<\/b><\/p>\n<p>&#8220; content_phone=&#8220;<\/p>\n<p style=\"%22text-align:\" center;%22><b>5 reasons to choose us<\/b><\/p>\n<p>&#8220; content_last_edited=&#8220;on|phone&#8220; _builder_version=&#8220;4.27.4&#8243; _module_preset=&#8220;default&#8220; text_font=&#8220;Roboto|700|||||||&#8220; text_text_color=&#8220;#242424&#8243; text_font_size=&#8220;40px&#8220; max_width_tablet=&#8220;&#8220; max_width_phone=&#8220;100%&#8220; max_width_last_edited=&#8220;on|phone&#8220; custom_margin=&#8220;0px||0px||false|false&#8220; custom_margin_tablet=&#8220;-30px||30px||false|false&#8220; custom_margin_phone=&#8220;-30px|0px|30px|0px|false|false&#8220; custom_margin_last_edited=&#8220;on|phone&#8220; text_font_last_edited=&#8220;off|tablet&#8220; text_font_size_tablet=&#8220;30px&#8220; text_font_size_phone=&#8220;16px&#8220; text_font_size_last_edited=&#8220;on|phone&#8220; global_colors_info=&#8220;{}&#8220;]<\/p>\n<p style=\"text-align: center;\"><b>5 reasons to choose us<\/b><\/p>\n<p>[\/et_pb_text][et_pb_text content_tablet=&#8220;<\/p>\n<p style=\"%22text-align:\" center;%22><b>Experience and professionalism.<\/b><span> <\/span>Our team, led by photographer Vojt\u011bch Vlk, has years of experience in portrait photography of personalities.<\/p>\n<p>&#8220; content_phone=&#8220;<\/p>\n<p style=\"%22text-align:\" center;%22><strong>Zku\u0161enosti a profesionalita. N\u00e1\u0161 t\u00fdm veden\u00fd fotografem Vojt\u011bchem Vlkem m\u00e1 roky zku\u0161enost\u00ed s portr\u00e9tn\u00edmi fotografiemi osobnost\u00ed.<\/strong><\/p>\n<p>&#8220; content_last_edited=&#8220;on|tablet&#8220; _builder_version=&#8220;4.27.4&#8243; _module_preset=&#8220;default&#8220; text_font=&#8220;Roboto|700|||||||&#8220; text_text_color=&#8220;#242424&#8243; text_font_size=&#8220;25px&#8220; width=&#8220;75%&#8220; width_tablet=&#8220;75%&#8220; width_phone=&#8220;75%&#8220; width_last_edited=&#8220;on|tablet&#8220; max_width=&#8220;75%&#8220; max_width_tablet=&#8220;75%&#8220; max_width_phone=&#8220;95%&#8220; max_width_last_edited=&#8220;on|tablet&#8220; module_alignment=&#8220;center&#8220; custom_margin=&#8220;60px||||false|false&#8220; custom_margin_tablet=&#8220;0px||20px||false|false&#8220; custom_margin_phone=&#8220;0px|0px|20px|0px|false|true&#8220; custom_margin_last_edited=&#8220;on|phone&#8220; text_font_size_tablet=&#8220;20px&#8220; text_font_size_phone=&#8220;14px&#8220; text_font_size_last_edited=&#8220;on|desktop&#8220; module_alignment_tablet=&#8220;center&#8220; module_alignment_phone=&#8220;center&#8220; module_alignment_last_edited=&#8220;on|phone&#8220; global_colors_info=&#8220;{}&#8220; custom_padding__hover_enabled=&#8220;on|desktop&#8220;]<\/p>\n<p style=\"text-align: center;\"><b>Experience and professionalism.<\/b><span>\u00a0<\/span>Our team, led by photographer Vojt\u011bch Vlk, has years of experience in portrait photography of personalities.<\/p>\n<p>[\/et_pb_text][et_pb_text content_tablet=&#8220;<\/p>\n<p style=\"%22text-align:\" center;%22><b>Pleasant atmosphere.<\/b><span> <\/span>We know that comfort during the photoshoot positively reflects in the final photos. We will make sure you feel good with us.<\/p>\n<p>&#8220; content_phone=&#8220;<\/p>\n<p style=\"%22text-align:\" center;%22><b>Pleasant atmosphere.<\/b><span> <\/span>We know that comfort during the photoshoot positively reflects in the final photos. We will make sure you feel good with us.<\/p>\n<p>&#8220; content_last_edited=&#8220;on|desktop&#8220; _builder_version=&#8220;4.27.4&#8243; _module_preset=&#8220;default&#8220; text_font=&#8220;Roboto|700|||||||&#8220; text_text_color=&#8220;#242424&#8243; text_font_size=&#8220;25px&#8220; width=&#8220;75%&#8220; width_tablet=&#8220;75%&#8220; width_phone=&#8220;75%&#8220; width_last_edited=&#8220;on|desktop&#8220; max_width=&#8220;75%&#8220; max_width_tablet=&#8220;75%&#8220; max_width_phone=&#8220;95%&#8220; max_width_last_edited=&#8220;on|desktop&#8220; module_alignment=&#8220;center&#8220; custom_margin=&#8220;60px||||false|false&#8220; custom_margin_tablet=&#8220;0px||20px||false|false&#8220; custom_margin_phone=&#8220;0px|0px|20px|0px|false|true&#8220; custom_margin_last_edited=&#8220;on|phone&#8220; text_font_size_tablet=&#8220;20px&#8220; text_font_size_phone=&#8220;14px&#8220; text_font_size_last_edited=&#8220;on|desktop&#8220; module_alignment_tablet=&#8220;center&#8220; module_alignment_phone=&#8220;center&#8220; module_alignment_last_edited=&#8220;on|phone&#8220; global_colors_info=&#8220;{}&#8220;]<\/p>\n<p style=\"text-align: center;\"><b>Pleasant atmosphere.<\/b><span>\u00a0<\/span>We know that comfort during the photoshoot positively reflects in the final photos. We will make sure you feel good with us.<\/p>\n<p>[\/et_pb_text][et_pb_text content_tablet=&#8220;<\/p>\n<p style=\"%22text-align:\" center;%22><b>Efficient process.<\/b><span> <\/span>We respect your time and ensure a smooth photoshoot without unnecessary delays. The editing of the selected portraits is just as efficient.<\/p>\n<p>&#8220; content_phone=&#8220;<\/p>\n<p style=\"%22text-align:\" center;%22><b>Efficient process.<\/b><span> <\/span>We respect your time and ensure a smooth photoshoot without unnecessary delays. The editing of the selected portraits is just as efficient.<\/p>\n<p>&#8220; content_last_edited=&#8220;on|phone&#8220; _builder_version=&#8220;4.27.4&#8243; _module_preset=&#8220;default&#8220; text_font=&#8220;Roboto|700|||||||&#8220; text_text_color=&#8220;#242424&#8243; text_font_size=&#8220;25px&#8220; width=&#8220;75%&#8220; width_tablet=&#8220;75%&#8220; width_phone=&#8220;75%&#8220; width_last_edited=&#8220;on|phone&#8220; max_width=&#8220;75%&#8220; max_width_tablet=&#8220;&#8220; max_width_phone=&#8220;95%&#8220; max_width_last_edited=&#8220;on|phone&#8220; module_alignment=&#8220;center&#8220; custom_margin=&#8220;60px||||false|false&#8220; custom_margin_tablet=&#8220;0px||20px||false|false&#8220; custom_margin_phone=&#8220;0px|0px|20px|0px|false|true&#8220; custom_margin_last_edited=&#8220;on|phone&#8220; text_font_size_tablet=&#8220;20px&#8220; text_font_size_phone=&#8220;14px&#8220; text_font_size_last_edited=&#8220;on|desktop&#8220; module_alignment_tablet=&#8220;center&#8220; module_alignment_phone=&#8220;center&#8220; module_alignment_last_edited=&#8220;on|phone&#8220; global_colors_info=&#8220;{}&#8220;]<\/p>\n<p style=\"text-align: center;\"><b>Efficient process.<\/b><span>\u00a0<\/span>We respect your time and ensure a smooth photoshoot without unnecessary delays. The editing of the selected portraits is just as efficient.<\/p>\n<p>[\/et_pb_text][et_pb_text content_tablet=&#8220;<\/p>\n<p style=\"%22text-align:\" center;%22><b>Portraits for every occasion.<\/b><span> <\/span>We will prepare excellent portraits for websites, annual reports, LinkedIn profiles, PR materials, and more.<\/p>\n<p>&#8220; content_phone=&#8220;<\/p>\n<p style=\"%22text-align:\" center;%22><b>Portraits for every occasion.<\/b><span> <\/span>We will prepare excellent portraits for websites, annual reports, LinkedIn profiles, PR materials, and more.<\/p>\n<p>&#8220; content_last_edited=&#8220;on|phone&#8220; _builder_version=&#8220;4.27.4&#8243; _module_preset=&#8220;default&#8220; text_font=&#8220;Roboto|700|||||||&#8220; text_text_color=&#8220;#242424&#8243; text_font_size=&#8220;25px&#8220; width=&#8220;75%&#8220; width_tablet=&#8220;75%&#8220; width_phone=&#8220;75%&#8220; width_last_edited=&#8220;on|phone&#8220; max_width=&#8220;75%&#8220; max_width_tablet=&#8220;75%&#8220; max_width_phone=&#8220;75%&#8220; max_width_last_edited=&#8220;on|phone&#8220; module_alignment=&#8220;center&#8220; custom_margin=&#8220;60px||||false|false&#8220; custom_margin_tablet=&#8220;0px||20px||false|false&#8220; custom_margin_phone=&#8220;0px|0px|20px|0px|false|true&#8220; custom_margin_last_edited=&#8220;on|phone&#8220; text_font_size_tablet=&#8220;20px&#8220; text_font_size_phone=&#8220;14px&#8220; text_font_size_last_edited=&#8220;on|desktop&#8220; module_alignment_tablet=&#8220;center&#8220; module_alignment_phone=&#8220;center&#8220; module_alignment_last_edited=&#8220;on|desktop&#8220; global_colors_info=&#8220;{}&#8220;]<\/p>\n<p style=\"text-align: center;\"><b>Portraits for every occasion.<\/b><span>\u00a0<\/span>We will prepare excellent portraits for websites, annual reports, LinkedIn profiles, PR materials, and more.<\/p>\n<p>[\/et_pb_text][et_pb_text content_tablet=&#8220;<\/p>\n<p style=\"%22text-align:\" center;%22><b>Comprehensive services.<\/b><span> <\/span>We offer not only photography but also makeup artist services and styling advice.<\/p>\n<p>&#8220; content_phone=&#8220;<\/p>\n<p style=\"%22text-align:\" center;%22><b>Comprehensive services.<\/b><span> <\/span>We offer not only photography but also makeup artist services and styling advice.<\/p>\n<p>&#8220; content_last_edited=&#8220;on|desktop&#8220; _builder_version=&#8220;4.27.4&#8243; _module_preset=&#8220;default&#8220; text_font=&#8220;Roboto|700|||||||&#8220; text_text_color=&#8220;#242424&#8243; text_font_size=&#8220;25px&#8220; width=&#8220;75%&#8220; width_tablet=&#8220;75%&#8220; width_phone=&#8220;75%&#8220; width_last_edited=&#8220;on|phone&#8220; max_width=&#8220;75%&#8220; max_width_tablet=&#8220;75%&#8220; max_width_phone=&#8220;75%&#8220; max_width_last_edited=&#8220;on|phone&#8220; module_alignment=&#8220;center&#8220; custom_margin=&#8220;60px||||false|false&#8220; custom_margin_tablet=&#8220;0px||20px||false|false&#8220; custom_margin_phone=&#8220;0px|0px|20px|0px|false|true&#8220; custom_margin_last_edited=&#8220;on|phone&#8220; text_font_size_tablet=&#8220;20px&#8220; text_font_size_phone=&#8220;14px&#8220; text_font_size_last_edited=&#8220;on|desktop&#8220; module_alignment_tablet=&#8220;center&#8220; module_alignment_phone=&#8220;center&#8220; module_alignment_last_edited=&#8220;on|phone&#8220; global_colors_info=&#8220;{}&#8220;]<\/p>\n<p style=\"text-align: center;\"><b>Comprehensive services.<\/b><span>\u00a0<\/span>We offer not only photography but also makeup artist services and styling advice.<\/p>\n<p>[\/et_pb_text][et_pb_image src=&#8220;https:\/\/firemniportrety.cz\/wp-content\/uploads\/2024\/03\/Mbank_FOTO_VojtechVlk.com__20230517_5952e1-min.jpg&#8220; title_text=&#8220;Mbank_FOTO_VojtechVlk.com__20230517_5952e1-min&#8220; align=&#8220;center&#8220; _builder_version=&#8220;4.27.4&#8243; _module_preset=&#8220;default&#8220; custom_margin=&#8220;60px||91px||false|false&#8220; custom_margin_tablet=&#8220;0px||130px||false|false&#8220; custom_margin_phone=&#8220;0px||91px||false|false&#8220; custom_margin_last_edited=&#8220;on|phone&#8220; global_colors_info=&#8220;{}&#8220;][\/et_pb_image][et_pb_text content_tablet=&#8220;<\/p>\n<p style=\"%22text-align:\" center;%22><span><strong>Pawe\u0142 Kucharski<\/strong>, <\/span><span>CMO mBank S.A<\/span><\/p>\n<p>&#8220; content_phone=&#8220;<\/p>\n<p style=\"%22text-align:\" center;%22><span><strong>Pawe\u0142 Kucharski<\/strong>, <\/span><span>CMO mBank S.A<\/span><\/p>\n<p>&#8220; content_last_edited=&#8220;on|phone&#8220; _builder_version=&#8220;4.27.4&#8243; _module_preset=&#8220;default&#8220; text_font=&#8220;Open Sans||||||||&#8220; text_text_color=&#8220;#242424&#8243; text_font_size=&#8220;20px&#8220; max_width_tablet=&#8220;&#8220; max_width_phone=&#8220;95%&#8220; max_width_last_edited=&#8220;on|phone&#8220; custom_margin=&#8220;-80px||0px||false|false&#8220; custom_margin_tablet=&#8220;-120px||30px||false|false&#8220; custom_margin_phone=&#8220;-85px|10px|0px|10px|false|true&#8220; custom_margin_last_edited=&#8220;on|desktop&#8220; text_font_size_tablet=&#8220;20px&#8220; text_font_size_phone=&#8220;14px&#8220; text_font_size_last_edited=&#8220;on|phone&#8220; global_colors_info=&#8220;{}&#8220;]<\/p>\n<p style=\"text-align: center;\"><strong>Pawe\u0142 Kucharski<\/strong>,\u00a0CMO mBank S.A<\/p>\n<p>[\/et_pb_text][\/et_pb_column][\/et_pb_row][et_pb_row _builder_version=&#8220;4.27.4&#8243; _module_preset=&#8220;_initial&#8220; width=&#8220;100%&#8220; max_width=&#8220;100%&#8220; height=&#8220;900px&#8220; height_tablet=&#8220;auto&#8220; height_phone=&#8220;auto&#8220; height_last_edited=&#8220;on|desktop&#8220; custom_margin=&#8220;0px|auto|0px|auto|false|false&#8220; custom_margin_tablet=&#8220;0px||||false|false&#8220; custom_margin_phone=&#8220;-22px||||false|false&#8220; custom_margin_last_edited=&#8220;on|tablet&#8220; global_colors_info=&#8220;{}&#8220;][et_pb_column type=&#8220;4_4&#8243; _builder_version=&#8220;4.24.2&#8243; _module_preset=&#8220;default&#8220; global_colors_info=&#8220;{}&#8220;][et_pb_image src=&#8220;https:\/\/firemniportrety.cz\/wp-content\/uploads\/2024\/03\/Marek-Raditsch-executive-chef-Kampa-Group2-min.jpg&#8220; title_text=&#8220;Marek-Raditsch-executive-chef-Kampa-Group2-min&#8220; align=&#8220;center&#8220; _builder_version=&#8220;4.27.4&#8243; _module_preset=&#8220;default&#8220; custom_margin=&#8220;91px||91px||true|false&#8220; custom_margin_tablet=&#8220;80px||130px||false|false&#8220; custom_margin_phone=&#8220;60px||60px||true|false&#8220; custom_margin_last_edited=&#8220;on|desktop&#8220; global_colors_info=&#8220;{}&#8220;][\/et_pb_image][et_pb_text content_tablet=&#8220;<\/p>\n<p style=\"%22text-align:\" center;%22><span><strong>Marek Raditsch<\/strong>, <\/span>Executive Chef Kampa Group<\/p>\n<p>&#8220; content_phone=&#8220;<\/p>\n<p style=\"%22text-align:\" center;%22><span><strong>Marek Raditsch<\/strong>, <\/span>Executive Chef Kampa Group<\/p>\n<p>&#8220; content_last_edited=&#8220;on|desktop&#8220; _builder_version=&#8220;4.27.4&#8243; _module_preset=&#8220;default&#8220; text_font=&#8220;Open Sans||||||||&#8220; text_text_color=&#8220;#242424&#8243; text_font_size=&#8220;20px&#8220; max_width_tablet=&#8220;&#8220; max_width_phone=&#8220;95%&#8220; max_width_last_edited=&#8220;on|phone&#8220; custom_margin=&#8220;-80px||50px||false|false&#8220; custom_margin_tablet=&#8220;-120px||30px||false|false&#8220; custom_margin_phone=&#8220;-55px|10px|0px|10px|false|true&#8220; custom_margin_last_edited=&#8220;on|tablet&#8220; text_font_size_tablet=&#8220;20px&#8220; text_font_size_phone=&#8220;14px&#8220; text_font_size_last_edited=&#8220;on|phone&#8220; global_colors_info=&#8220;{}&#8220;]<\/p>\n<p style=\"text-align: center;\"><span><strong>Marek Raditsch<\/strong>,\u00a0<\/span>Executive Chef Kampa Group<\/p>\n<p>[\/et_pb_text][\/et_pb_column][\/et_pb_row][et_pb_row _builder_version=&#8220;4.27.4&#8243; _module_preset=&#8220;_initial&#8220; width=&#8220;100%&#8220; max_width=&#8220;100%&#8220; height=&#8220;900px&#8220; height_tablet=&#8220;auto&#8220; height_phone=&#8220;auto&#8220; height_last_edited=&#8220;on|desktop&#8220; custom_margin=&#8220;0px|auto|0px|auto|false|false&#8220; custom_margin_tablet=&#8220;0px||||false|false&#8220; custom_margin_phone=&#8220;-22px||||false|false&#8220; custom_margin_last_edited=&#8220;on|tablet&#8220; global_colors_info=&#8220;{}&#8220;][et_pb_column type=&#8220;4_4&#8243; _builder_version=&#8220;4.24.2&#8243; _module_preset=&#8220;default&#8220; global_colors_info=&#8220;{}&#8220;][et_pb_video src=&#8220;https:\/\/firemniportrety.cz\/wp-content\/uploads\/2025\/04\/video_VV_WORKSHOP_online_06_1080p.mov&#8220; _builder_version=&#8220;4.27.4&#8243; _module_preset=&#8220;default&#8220; global_colors_info=&#8220;{}&#8220;][\/et_pb_video][\/et_pb_column][\/et_pb_row][et_pb_row _builder_version=&#8220;4.25.1&#8243; _module_preset=&#8220;_initial&#8220; width=&#8220;100%&#8220; max_width=&#8220;100%&#8220; height=&#8220;900px&#8220; height_tablet=&#8220;&#8220; height_phone=&#8220;auto&#8220; height_last_edited=&#8220;on|tablet&#8220; custom_margin=&#8220;|auto|0px|auto||&#8220; custom_margin_tablet=&#8220;0px|auto|0px|auto|false|false&#8220; custom_margin_phone=&#8220;-22px|auto|0px|auto|false|false&#8220; custom_margin_last_edited=&#8220;on|tablet&#8220; global_colors_info=&#8220;{}&#8220;][et_pb_column type=&#8220;4_4&#8243; _builder_version=&#8220;4.24.2&#8243; _module_preset=&#8220;default&#8220; global_colors_info=&#8220;{}&#8220;][et_pb_image src=&#8220;https:\/\/firemniportrety.cz\/wp-content\/uploads\/2024\/03\/20130909_366upr1-min.jpg&#8220; title_text=&#8220;20130909_366upr1-min&#8220; align=&#8220;center&#8220; _builder_version=&#8220;4.27.4&#8243; _module_preset=&#8220;default&#8220; custom_margin=&#8220;91px||91px||true|false&#8220; custom_margin_tablet=&#8220;80px||130px||false|false&#8220; custom_margin_phone=&#8220;60px||30px||false|false&#8220; custom_margin_last_edited=&#8220;on|desktop&#8220; global_colors_info=&#8220;{}&#8220;][\/et_pb_image][et_pb_text content_tablet=&#8220;<\/p>\n<p style=\"%22text-align:\" center;%22><strong>Eduard Pal\u00ed\u0161ek<\/strong>, CEO at Siemens Czech Republic<\/p>\n<p>&#8220; content_phone=&#8220;<\/p>\n<p style=\"%22text-align:\" center;%22><strong>Eduard Pal\u00ed\u0161ek<\/strong>, CEO at Siemens Czech Republic<\/p>\n<p>&#8220; content_last_edited=&#8220;on|desktop&#8220; _builder_version=&#8220;4.27.4&#8243; _module_preset=&#8220;default&#8220; text_font=&#8220;Open Sans||||||||&#8220; text_text_color=&#8220;#242424&#8243; text_font_size=&#8220;20px&#8220; max_width_tablet=&#8220;&#8220; max_width_phone=&#8220;95%&#8220; max_width_last_edited=&#8220;on|phone&#8220; custom_margin=&#8220;-80px||40px||false|false&#8220; custom_margin_tablet=&#8220;-120px||30px||false|false&#8220; custom_margin_phone=&#8220;-25px|10px|0px|10px|false|true&#8220; custom_margin_last_edited=&#8220;on|desktop&#8220; text_font_size_tablet=&#8220;20px&#8220; text_font_size_phone=&#8220;14px&#8220; text_font_size_last_edited=&#8220;on|phone&#8220; global_colors_info=&#8220;{}&#8220;]<\/p>\n<p style=\"text-align: center;\"><strong>Eduard Pal\u00ed\u0161ek<\/strong>, CEO at Siemens Czech Republic<\/p>\n<p>[\/et_pb_text][\/et_pb_column][\/et_pb_row][et_pb_row _builder_version=&#8220;4.25.1&#8243; _module_preset=&#8220;_initial&#8220; width=&#8220;100%&#8220; max_width=&#8220;100%&#8220; height=&#8220;900px&#8220; height_tablet=&#8220;auto&#8220; height_phone=&#8220;auto&#8220; height_last_edited=&#8220;on|tablet&#8220; custom_margin=&#8220;|auto|0px|auto||&#8220; custom_margin_tablet=&#8220;|auto|0px|auto||&#8220; custom_margin_phone=&#8220;-22px|auto|0px|auto|false|false&#8220; custom_margin_last_edited=&#8220;on|phone&#8220; global_colors_info=&#8220;{}&#8220;][et_pb_column type=&#8220;4_4&#8243; _builder_version=&#8220;4.24.2&#8243; _module_preset=&#8220;default&#8220; global_colors_info=&#8220;{}&#8220;][et_pb_image src=&#8220;https:\/\/firemniportrety.cz\/wp-content\/uploads\/2024\/03\/20210609_403edited_2-min.jpg&#8220; title_text=&#8220;20210609_403edited_2-min&#8220; align=&#8220;center&#8220; _builder_version=&#8220;4.27.4&#8243; _module_preset=&#8220;default&#8220; custom_margin=&#8220;80px||130px||false|false&#8220; custom_margin_tablet=&#8220;80px||130px||false|false&#8220; custom_margin_phone=&#8220;91px||91px||true|false&#8220; custom_margin_last_edited=&#8220;on|phone&#8220; global_colors_info=&#8220;{}&#8220;][\/et_pb_image][et_pb_text content_tablet=&#8220;<\/p>\n<p style=\"%22text-align:\" center;%22><strong>Wilhelm Schmitt<\/strong>, Executive Director and CEO <span>+ <strong>Milan Klaus<\/strong>, CFO \u2013 Digiteq Automotive<\/span><\/p>\n<p>&#8220; content_phone=&#8220;<\/p>\n<p style=\"%22text-align:\" center;%22><strong>Wilhelm Schmitt<\/strong>, Executive Director and CEO <span>+ <strong>Milan Klaus<\/strong>, CFO \u2013 Digiteq Automotive<\/span><\/p>\n<p>&#8220; content_last_edited=&#8220;on|phone&#8220; _builder_version=&#8220;4.27.4&#8243; _module_preset=&#8220;default&#8220; text_font=&#8220;Open Sans||||||||&#8220; text_text_color=&#8220;#242424&#8243; text_font_size=&#8220;20px&#8220; max_width_tablet=&#8220;&#8220; max_width_phone=&#8220;95%&#8220; max_width_last_edited=&#8220;on|phone&#8220; custom_margin=&#8220;-120px||40px||false|false&#8220; custom_margin_tablet=&#8220;-120px||30px||false|false&#8220; custom_margin_phone=&#8220;-80px|10px|0px|10px|false|true&#8220; custom_margin_last_edited=&#8220;on|desktop&#8220; text_font_size_tablet=&#8220;20px&#8220; text_font_size_phone=&#8220;14px&#8220; text_font_size_last_edited=&#8220;on|phone&#8220; global_colors_info=&#8220;{}&#8220;]<\/p>\n<p style=\"text-align: center;\"><strong>Wilhelm Schmitt<\/strong>, Executive Director and CEO <span>+ <strong>Milan Klaus<\/strong>, CFO \u2013 Digiteq Automotive<\/span><\/p>\n<p>[\/et_pb_text][\/et_pb_column][\/et_pb_row][et_pb_row _builder_version=&#8220;4.27.4&#8243; _module_preset=&#8220;_initial&#8220; width=&#8220;100%&#8220; max_width=&#8220;100%&#8220; height=&#8220;900px&#8220; height_tablet=&#8220;auto&#8220; height_phone=&#8220;auto&#8220; height_last_edited=&#8220;on|tablet&#8220; custom_margin=&#8220;|auto|0px|auto||&#8220; custom_margin_tablet=&#8220;0px||||false|false&#8220; custom_margin_phone=&#8220;-22px||||false|false&#8220; custom_margin_last_edited=&#8220;on|tablet&#8220; global_colors_info=&#8220;{}&#8220;][et_pb_column type=&#8220;4_4&#8243; _builder_version=&#8220;4.24.2&#8243; _module_preset=&#8220;default&#8220; global_colors_info=&#8220;{}&#8220;][et_pb_image src=&#8220;https:\/\/firemniportrety.cz\/wp-content\/uploads\/2024\/03\/Eva-Benesova-min.jpg&#8220; title_text=&#8220;Eva-Benesova-min&#8220; align=&#8220;center&#8220; _builder_version=&#8220;4.27.4&#8243; _module_preset=&#8220;default&#8220; height_tablet=&#8220;&#8220; height_phone=&#8220;&#8220; height_last_edited=&#8220;on|tablet&#8220; custom_margin=&#8220;91px||91px||true|false&#8220; custom_margin_tablet=&#8220;80px||130px||false|false&#8220; custom_margin_phone=&#8220;91px||91px||false|false&#8220; custom_margin_last_edited=&#8220;on|phone&#8220; global_colors_info=&#8220;{}&#8220;][\/et_pb_image][et_pb_text content_tablet=&#8220;<\/p>\n<p style=\"%22text-align:\" center;%22><strong>Dr. Eva Bene\u0161ov\u00e1<\/strong>, Executive Director, Principal Coaching Ltd.<\/p>\n<p>&#8220; content_phone=&#8220;<\/p>\n<p style=\"%22text-align:\" center;%22><strong>Dr. Eva Bene\u0161ov\u00e1<\/strong>, Executive Director, Principal Coaching Ltd.<\/p>\n<p>&#8220; content_last_edited=&#8220;on|phone&#8220; _builder_version=&#8220;4.27.4&#8243; _module_preset=&#8220;default&#8220; text_font=&#8220;Open Sans||||||||&#8220; text_text_color=&#8220;#242424&#8243; text_font_size=&#8220;20px&#8220; max_width_tablet=&#8220;&#8220; max_width_phone=&#8220;95%&#8220; max_width_last_edited=&#8220;on|phone&#8220; custom_margin=&#8220;-80px||40px||false|false&#8220; custom_margin_tablet=&#8220;-120px||30px||false|false&#8220; custom_margin_phone=&#8220;-80px|10px|0px|10px|false|true&#8220; custom_margin_last_edited=&#8220;on|tablet&#8220; text_font_size_tablet=&#8220;20px&#8220; text_font_size_phone=&#8220;14px&#8220; text_font_size_last_edited=&#8220;on|phone&#8220; global_colors_info=&#8220;{}&#8220;]<\/p>\n<p style=\"text-align: center;\"><strong>Dr. Eva Bene\u0161ov\u00e1<\/strong>, Executive Director, Principal Coaching Ltd.<\/p>\n<p>[\/et_pb_text][et_pb_text content_tablet=&#8220;<\/p>\n<p style=\"%22text-align:\" center;%22><em>Vojt\u011bch is an exceptional professional. It was a pleasure working with him. He knows exactly what he wants from a great photograph and at the same time allows the client to express their wishes.<\/em><\/p>\n<p>&#8220; content_phone=&#8220;<\/p>\n<p style=\"%22text-align:\" center;%22><em>Vojt\u011bch is an exceptional professional. It was a pleasure working with him. He knows exactly what he wants from a great photograph and at the same time allows the client to express their wishes.<\/em><\/p>\n<p>&#8220; content_last_edited=&#8220;on|phone&#8220; _builder_version=&#8220;4.27.4&#8243; _module_preset=&#8220;default&#8220; text_font=&#8220;Open Sans||||||||&#8220; text_text_color=&#8220;#242424&#8243; text_font_size=&#8220;24px&#8220; text_line_height=&#8220;1.2em&#8220; width_tablet=&#8220;&#8220; width_phone=&#8220;100%&#8220; width_last_edited=&#8220;on|phone&#8220; max_width_tablet=&#8220;&#8220; max_width_phone=&#8220;95%&#8220; max_width_last_edited=&#8220;on|phone&#8220; custom_margin=&#8220;0px||||false|false&#8220; custom_margin_tablet=&#8220;0px||-69px||false|false&#8220; custom_margin_phone=&#8220;26px|10px|-70px|10px|false|true&#8220; custom_margin_last_edited=&#8220;on|tablet&#8220; text_font_size_tablet=&#8220;20px&#8220; text_font_size_phone=&#8220;14px&#8220; text_font_size_last_edited=&#8220;on|phone&#8220; text_line_height_tablet=&#8220;1.2em&#8220; text_line_height_phone=&#8220;1.2em&#8220; text_line_height_last_edited=&#8220;on|desktop&#8220; global_colors_info=&#8220;{}&#8220;]<\/p>\n<p style=\"text-align: center;\"><em>Vojt\u011bch is an exceptional professional. It was a pleasure working with him. He knows exactly what he wants from a great photograph and at the same time allows the client to express their wishes.<\/em><\/p>\n<p>[\/et_pb_text][\/et_pb_column][\/et_pb_row][et_pb_row _builder_version=&#8220;4.27.4&#8243; _module_preset=&#8220;_initial&#8220; width=&#8220;100%&#8220; max_width=&#8220;100%&#8220; height=&#8220;900px&#8220; height_tablet=&#8220;auto&#8220; height_phone=&#8220;auto&#8220; height_last_edited=&#8220;on|tablet&#8220; custom_margin=&#8220;|auto|0px|auto||&#8220; custom_margin_tablet=&#8220;|auto|0px|auto||&#8220; custom_margin_phone=&#8220;-22px||||false|false&#8220; custom_margin_last_edited=&#8220;on|phone&#8220; global_colors_info=&#8220;{}&#8220;][et_pb_column type=&#8220;4_4&#8243; _builder_version=&#8220;4.24.2&#8243; _module_preset=&#8220;default&#8220; global_colors_info=&#8220;{}&#8220;][et_pb_image src=&#8220;https:\/\/firemniportrety.cz\/wp-content\/uploads\/2024\/03\/20150805_083edited-min.jpg&#8220; title_text=&#8220;20150805_083edited-min&#8220; align=&#8220;center&#8220; _builder_version=&#8220;4.27.4&#8243; _module_preset=&#8220;default&#8220; custom_margin=&#8220;91px||91px||false|false&#8220; custom_margin_tablet=&#8220;80px||130px||false|false&#8220; custom_margin_phone=&#8220;91px||91px||true|false&#8220; custom_margin_last_edited=&#8220;on|desktop&#8220; global_colors_info=&#8220;{}&#8220;][\/et_pb_image][et_pb_text content_tablet=&#8220;<\/p>\n<p style=\"%22text-align:\" center;%22>David Kol\u00e1\u010dek, Recruitment Manager at Seznam.cz, a.s.<\/p>\n<p>&#8220; content_phone=&#8220;<\/p>\n<p style=\"%22text-align:\" center;%22><strong>David Kol\u00e1\u010dek<\/strong>, Recruitment Manager at Seznam<\/p>\n<p>&#8220; content_last_edited=&#8220;on|phone&#8220; _builder_version=&#8220;4.27.4&#8243; _module_preset=&#8220;default&#8220; text_font=&#8220;Open Sans||||||||&#8220; text_text_color=&#8220;#242424&#8243; text_font_size=&#8220;20px&#8220; max_width_tablet=&#8220;&#8220; max_width_phone=&#8220;95%&#8220; max_width_last_edited=&#8220;on|phone&#8220; custom_margin=&#8220;-80px||30px||false|false&#8220; custom_margin_tablet=&#8220;-120px||30px||false|false&#8220; custom_margin_phone=&#8220;-80px|10px|0px|10px|false|true&#8220; custom_margin_last_edited=&#8220;on|tablet&#8220; text_font_size_tablet=&#8220;20px&#8220; text_font_size_phone=&#8220;14px&#8220; text_font_size_last_edited=&#8220;on|phone&#8220; global_colors_info=&#8220;{}&#8220;]<\/p>\n<p style=\"text-align: center;\"><strong>David Kol\u00e1\u010dek<\/strong>, Recruitment Manager at Seznam<\/p>\n<p>[\/et_pb_text][et_pb_text content_tablet=&#8220;<\/p>\n<p style=\"%22text-align:\" center;%22><i><span>Our collaboration was brief, indeed,<\/span><span>but very pleasant for me<\/span><span>. Vojta managed to easily relieve me of the nervousness of the photoshoot<\/span><span>.That's why I look so good.?<\/span><\/i><\/p>\n<p>&#8220; content_phone=&#8220;<\/p>\n<p style=\"%22text-align:\" center;%22><i><span>Our collaboration was brief, indeed,<\/span><span>but very pleasant for me<\/span><span>. Vojta managed to easily relieve me of the nervousness of the photoshoot<\/span><span>.That's why I look so good.?<\/span><\/i><\/p>\n<p>&#8220; content_last_edited=&#8220;on|phone&#8220; _builder_version=&#8220;4.27.4&#8243; _module_preset=&#8220;default&#8220; text_font=&#8220;Open Sans||||||||&#8220; text_text_color=&#8220;#242424&#8243; text_font_size=&#8220;24px&#8220; text_line_height=&#8220;1.2em&#8220; width_tablet=&#8220;&#8220; width_phone=&#8220;100%&#8220; width_last_edited=&#8220;on|phone&#8220; max_width_tablet=&#8220;&#8220; max_width_phone=&#8220;95%&#8220; max_width_last_edited=&#8220;on|phone&#8220; custom_margin=&#8220;0px||||false|false&#8220; custom_margin_tablet=&#8220;0px||-70px|30px|false|false&#8220; custom_margin_phone=&#8220;26px|10px|-70px|10px|false|true&#8220; custom_margin_last_edited=&#8220;on|tablet&#8220; text_font_size_tablet=&#8220;20px&#8220; text_font_size_phone=&#8220;14px&#8220; text_font_size_last_edited=&#8220;on|phone&#8220; text_line_height_tablet=&#8220;1.2em&#8220; text_line_height_phone=&#8220;1.2em&#8220; text_line_height_last_edited=&#8220;on|desktop&#8220; global_colors_info=&#8220;{}&#8220;]<\/p>\n<p style=\"text-align: center;\"><i><span>Our collaboration was brief, indeed,<\/span><span>but very pleasant for me<\/span><span>. Vojta managed to easily relieve me of the nervousness of the photoshoot<\/span><span>.That's why I look so good.?<\/span><\/i><\/p>\n<p>[\/et_pb_text][\/et_pb_column][\/et_pb_row][et_pb_row _builder_version=&#8220;4.27.4&#8243; _module_preset=&#8220;_initial&#8220; width=&#8220;100%&#8220; max_width=&#8220;100%&#8220; height=&#8220;900px&#8220; height_tablet=&#8220;auto&#8220; height_phone=&#8220;auto&#8220; height_last_edited=&#8220;on|tablet&#8220; custom_margin=&#8220;|auto|0px|auto||&#8220; custom_margin_tablet=&#8220;|auto|0px|auto||&#8220; custom_margin_phone=&#8220;-22px|auto|0px|auto|false|false&#8220; custom_margin_last_edited=&#8220;on|phone&#8220; global_colors_info=&#8220;{}&#8220;][et_pb_column type=&#8220;4_4&#8243; _builder_version=&#8220;4.24.2&#8243; _module_preset=&#8220;default&#8220; global_colors_info=&#8220;{}&#8220;][et_pb_image src=&#8220;https:\/\/firemniportrety.cz\/wp-content\/uploads\/2024\/03\/jakub-kohak-by-vojtech-vlk_m-min.jpg&#8220; title_text=&#8220;jakub-kohak-by-vojtech-vlk_m-min&#8220; align=&#8220;center&#8220; _builder_version=&#8220;4.27.4&#8243; _module_preset=&#8220;default&#8220; custom_margin=&#8220;60px||||false|false&#8220; custom_margin_tablet=&#8220;80px||130px||false|false&#8220; custom_margin_phone=&#8220;91px||91px||false|false&#8220; custom_margin_last_edited=&#8220;on|phone&#8220; global_colors_info=&#8220;{}&#8220;][\/et_pb_image][et_pb_text content_tablet=&#8220;<\/p>\n<p style=\"%22text-align:\" center;%22><strong>Jakub Koh\u00e1k<\/strong>, <span>film and advertising director, actor, comedian, presenter, writer, and screenwriter<\/span><\/p>\n<p style=\"%22text-align:\" center;%22><span><\/span><\/p>\n<p>&#8220; content_phone=&#8220;<\/p>\n<p style=\"%22text-align:\" center;%22><strong>Jakub Koh\u00e1k<\/strong>, <span>film and advertising director, actor, comedian, presenter, writer, and screenwriter<\/span><\/p>\n<p>&#8220; content_last_edited=&#8220;on|phone&#8220; _builder_version=&#8220;4.27.4&#8243; _module_preset=&#8220;default&#8220; text_font=&#8220;Open Sans||||||||&#8220; text_text_color=&#8220;#242424&#8243; text_font_size=&#8220;20px&#8220; max_width_tablet=&#8220;&#8220; max_width_phone=&#8220;95%&#8220; max_width_last_edited=&#8220;on|phone&#8220; custom_margin=&#8220;-10px||30px||false|false&#8220; custom_margin_tablet=&#8220;-120px||30px|30px|false|false&#8220; custom_margin_phone=&#8220;-80px|10px|0px|10px|false|true&#8220; custom_margin_last_edited=&#8220;on|tablet&#8220; hover_enabled=&#8220;0&#8243; text_font_size_tablet=&#8220;20px&#8220; text_font_size_phone=&#8220;14px&#8220; text_font_size_last_edited=&#8220;on|phone&#8220; global_colors_info=&#8220;{}&#8220; sticky_enabled=&#8220;0&#8243;]<\/p>\n<p style=\"text-align: center;\"><strong>Jakub Koh\u00e1k<\/strong>, <span>film and advertising director, actor, comedian, presenter, writer, and screenwriter<\/span><\/p>\n<p>[\/et_pb_text][et_pb_text content_tablet=&#8220;<\/p>\n<p style=\"%22text-align:\" center;%22><span>U\u0161et\u0159ete \u010das \u2013 s ve\u0161ker\u00fdm vybaven\u00edm p\u0159ijedeme za v\u00e1mi a nafot\u00edme v\u00e1s p\u0159\u00edmo ve va\u0161ich prostor\u00e1ch. Efektivn\u00ed a pohodln\u00e9 \u0159e\u0161en\u00ed pro jednotlivce i cel\u00e9 t\u00fdmy.<\/span><\/p>\n<p>&#8220; content_phone=&#8220;<\/p>\n<p style=\"%22text-align:\" center;%22><span>U\u0161et\u0159ete \u010das \u2013 s ve\u0161ker\u00fdm vybaven\u00edm p\u0159ijedeme za v\u00e1mi a nafot\u00edme v\u00e1s p\u0159\u00edmo ve va\u0161ich prostor\u00e1ch. Efektivn\u00ed a pohodln\u00e9 \u0159e\u0161en\u00ed pro jednotlivce i cel\u00e9 t\u00fdmy.<\/span><\/p>\n<p>&#8220; content_last_edited=&#8220;on|phone&#8220; _builder_version=&#8220;4.27.4&#8243; _module_preset=&#8220;default&#8220; text_font=&#8220;Roboto|700|||||||&#8220; text_text_color=&#8220;#242424&#8243; text_font_size=&#8220;20px&#8220; max_width_tablet=&#8220;&#8220; max_width_phone=&#8220;100%&#8220; max_width_last_edited=&#8220;on|phone&#8220; custom_margin=&#8220;0px||0px||false|false&#8220; custom_margin_tablet=&#8220;-30px||30px||false|false&#8220; custom_margin_phone=&#8220;0px|0px|0px|0px|false|false&#8220; custom_margin_last_edited=&#8220;on|phone&#8220; text_font_last_edited=&#8220;off|tablet&#8220; text_font_size_tablet=&#8220;15px&#8220; text_font_size_phone=&#8220;14px&#8220; text_font_size_last_edited=&#8220;on|phone&#8220; global_colors_info=&#8220;{}&#8220;]<\/p>\n<p style=\"text-align: center;\"><span>Do you need professional corporate portraits? Contact us for a non-binding consultation and price quote.<\/span><\/p>\n<p>[\/et_pb_text][\/et_pb_column][\/et_pb_row][\/et_pb_section][et_pb_section fb_built=&#8220;1&#8243; _builder_version=&#8220;4.27.4&#8243; _module_preset=&#8220;default&#8220; global_colors_info=&#8220;{}&#8220;][\/et_pb_section][et_pb_section fb_built=&#8220;1&#8243; admin_label=&#8220;Footer&#8220; _builder_version=&#8220;4.25.1&#8243; _module_preset=&#8220;default&#8220; background_color=&#8220;#FFFFFF&#8220; custom_margin=&#8220;-33px||-33px||true|false&#8220; custom_padding=&#8220;54px|||||&#8220; saved_tabs=&#8220;all&#8220; collapsed=&#8220;on&#8220; global_colors_info=&#8220;{}&#8220;][et_pb_row _builder_version=&#8220;4.25.1&#8243; _module_preset=&#8220;_initial&#8220; max_width=&#8220;1200px&#8220; custom_margin=&#8220;|auto|0px|auto||&#8220; global_colors_info=&#8220;{}&#8220;][et_pb_column type=&#8220;4_4&#8243; _builder_version=&#8220;4.20.0&#8243; _module_preset=&#8220;default&#8220; global_colors_info=&#8220;{}&#8220;][et_pb_text _builder_version=&#8220;4.24.2&#8243; _module_preset=&#8220;_initial&#8220; text_font=&#8220;||||||||&#8220; text_text_color=&#8220;#000000&#8243; header_2_font=&#8220;Montserrat|||on|||||&#8220; header_2_text_color=&#8220;#242424&#8243; header_2_font_size=&#8220;75px&#8220; header_2_letter_spacing=&#8220;0.2px&#8220; header_2_line_height=&#8220;1.2em&#8220; text_orientation=&#8220;center&#8220; custom_margin=&#8220;50px||50px||true|false&#8220; custom_margin_tablet=&#8220;50px||50px||true|false&#8220; custom_margin_phone=&#8220;50px||50px||true|false&#8220; custom_margin_last_edited=&#8220;on|desktop&#8220; header_2_text_color_tablet=&#8220;#242424&#8243; header_2_text_color_phone=&#8220;#242424&#8243; header_2_text_color_last_edited=&#8220;on|phone&#8220; header_2_font_size_tablet=&#8220;50px&#8220; header_2_font_size_phone=&#8220;40px&#8220; header_2_font_size_last_edited=&#8220;on|tablet&#8220; global_colors_info=&#8220;{}&#8220;]<\/p>\n<h2>Contact form<\/h2>\n<p>[\/et_pb_text][et_pb_contact_form captcha=&#8220;off&#8220; email=&#8220;info@vojtechvlk.com&#8220; _builder_version=&#8220;4.27.4&#8243; _module_preset=&#8220;_initial&#8220; form_field_background_color=&#8220;RGBA(255,255,255,0)&#8220; form_field_text_color=&#8220;#242424&#8243; form_field_custom_padding=&#8220;|0px||0px|false|true&#8220; title_font=&#8220;||||||||&#8220; captcha_font=&#8220;||||||||&#8220; form_field_font=&#8220;Montserrat|700|||||||&#8220; custom_button=&#8220;on&#8220; button_text_size=&#8220;14px&#8220; button_text_color=&#8220;#FFFFFF&#8220; button_bg_color=&#8220;#000000&#8243; button_border_width=&#8220;0px&#8220; button_border_radius=&#8220;0px&#8220; button_letter_spacing=&#8220;0.2px&#8220; button_font=&#8220;Montserrat|700|||||||&#8220; button_custom_padding=&#8220;16px|24px|16px|24px|true|true&#8220; max_width=&#8220;700px&#8220; module_alignment=&#8220;center&#8220; form_field_text_color_tablet=&#8220;#242424&#8243; form_field_text_color_phone=&#8220;#242424&#8243; form_field_text_color_last_edited=&#8220;on|phone&#8220; border_width_bottom=&#8220;2px&#8220; border_color_bottom=&#8220;#000000&#8243; locked=&#8220;off&#8220; global_colors_info=&#8220;{}&#8220;][et_pb_contact_field field_id=&#8220;Jm\u00e9no&#8220; field_title=&#8220;Jm\u00e9no&#8220; fullwidth_field=&#8220;on&#8220; _builder_version=&#8220;4.25.1&#8243; _module_preset=&#8220;default&#8220; form_field_text_color=&#8220;#000000&#8243; form_field_font=&#8220;Montserrat|700|||||||&#8220; form_field_font_size=&#8220;14px&#8220; global_colors_info=&#8220;{}&#8220; button_text_size__hover_enabled=&#8220;off&#8220; button_one_text_size__hover_enabled=&#8220;off&#8220; button_two_text_size__hover_enabled=&#8220;off&#8220; button_text_color__hover_enabled=&#8220;off&#8220; button_one_text_color__hover_enabled=&#8220;off&#8220; button_two_text_color__hover_enabled=&#8220;off&#8220; button_border_width__hover_enabled=&#8220;off&#8220; button_one_border_width__hover_enabled=&#8220;off&#8220; button_two_border_width__hover_enabled=&#8220;off&#8220; button_border_color__hover_enabled=&#8220;off&#8220; button_one_border_color__hover_enabled=&#8220;off&#8220; button_two_border_color__hover_enabled=&#8220;off&#8220; button_border_radius__hover_enabled=&#8220;off&#8220; button_one_border_radius__hover_enabled=&#8220;off&#8220; button_two_border_radius__hover_enabled=&#8220;off&#8220; button_letter_spacing__hover_enabled=&#8220;off&#8220; button_one_letter_spacing__hover_enabled=&#8220;off&#8220; button_two_letter_spacing__hover_enabled=&#8220;off&#8220; button_bg_color__hover_enabled=&#8220;off&#8220; button_one_bg_color__hover_enabled=&#8220;off&#8220; button_two_bg_color__hover_enabled=&#8220;off&#8220;][\/et_pb_contact_field][et_pb_contact_field field_id=&#8220;Emailov\u00e1_adresa&#8220; field_title=&#8220;Emailov\u00e1 adresa&#8220; field_type=&#8220;email&#8220; fullwidth_field=&#8220;on&#8220; _builder_version=&#8220;4.25.1&#8243; _module_preset=&#8220;default&#8220; form_field_text_color=&#8220;#000000&#8243; form_field_font=&#8220;Montserrat|700|||||||&#8220; global_colors_info=&#8220;{}&#8220; button_text_size__hover_enabled=&#8220;off&#8220; button_one_text_size__hover_enabled=&#8220;off&#8220; button_two_text_size__hover_enabled=&#8220;off&#8220; button_text_color__hover_enabled=&#8220;off&#8220; button_one_text_color__hover_enabled=&#8220;off&#8220; button_two_text_color__hover_enabled=&#8220;off&#8220; button_border_width__hover_enabled=&#8220;off&#8220; button_one_border_width__hover_enabled=&#8220;off&#8220; button_two_border_width__hover_enabled=&#8220;off&#8220; button_border_color__hover_enabled=&#8220;off&#8220; button_one_border_color__hover_enabled=&#8220;off&#8220; button_two_border_color__hover_enabled=&#8220;off&#8220; button_border_radius__hover_enabled=&#8220;off&#8220; button_one_border_radius__hover_enabled=&#8220;off&#8220; button_two_border_radius__hover_enabled=&#8220;off&#8220; button_letter_spacing__hover_enabled=&#8220;off&#8220; button_one_letter_spacing__hover_enabled=&#8220;off&#8220; button_two_letter_spacing__hover_enabled=&#8220;off&#8220; button_bg_color__hover_enabled=&#8220;off&#8220; button_one_bg_color__hover_enabled=&#8220;off&#8220; button_two_bg_color__hover_enabled=&#8220;off&#8220;][\/et_pb_contact_field][et_pb_contact_field field_id=&#8220;Telefon&#8220; field_title=&#8220;Telefonn\u00ed \u010d\u00edslo&#8220; min_length=&#8220;9&#8243; fullwidth_field=&#8220;on&#8220; _builder_version=&#8220;4.25.1&#8243; _module_preset=&#8220;default&#8220; form_field_text_color=&#8220;#000000&#8243; form_field_font=&#8220;Montserrat|700|||||||&#8220; global_colors_info=&#8220;{}&#8220; button_text_size__hover_enabled=&#8220;off&#8220; button_one_text_size__hover_enabled=&#8220;off&#8220; button_two_text_size__hover_enabled=&#8220;off&#8220; button_text_color__hover_enabled=&#8220;off&#8220; button_one_text_color__hover_enabled=&#8220;off&#8220; button_two_text_color__hover_enabled=&#8220;off&#8220; button_border_width__hover_enabled=&#8220;off&#8220; button_one_border_width__hover_enabled=&#8220;off&#8220; button_two_border_width__hover_enabled=&#8220;off&#8220; button_border_color__hover_enabled=&#8220;off&#8220; button_one_border_color__hover_enabled=&#8220;off&#8220; button_two_border_color__hover_enabled=&#8220;off&#8220; button_border_radius__hover_enabled=&#8220;off&#8220; button_one_border_radius__hover_enabled=&#8220;off&#8220; button_two_border_radius__hover_enabled=&#8220;off&#8220; button_letter_spacing__hover_enabled=&#8220;off&#8220; button_one_letter_spacing__hover_enabled=&#8220;off&#8220; button_two_letter_spacing__hover_enabled=&#8220;off&#8220; button_bg_color__hover_enabled=&#8220;off&#8220; button_one_bg_color__hover_enabled=&#8220;off&#8220; button_two_bg_color__hover_enabled=&#8220;off&#8220;][\/et_pb_contact_field][et_pb_contact_field field_id=&#8220;Zpr\u00e1va&#8220; field_title=&#8220;Zpr\u00e1va&#8220; field_type=&#8220;text&#8220; required_mark=&#8220;off&#8220; fullwidth_field=&#8220;on&#8220; _builder_version=&#8220;4.25.1&#8243; _module_preset=&#8220;default&#8220; form_field_text_color=&#8220;#000000&#8243; form_field_font=&#8220;Montserrat|700|||||||&#8220; global_colors_info=&#8220;{}&#8220; button_text_size__hover_enabled=&#8220;off&#8220; button_one_text_size__hover_enabled=&#8220;off&#8220; button_two_text_size__hover_enabled=&#8220;off&#8220; button_text_color__hover_enabled=&#8220;off&#8220; button_one_text_color__hover_enabled=&#8220;off&#8220; button_two_text_color__hover_enabled=&#8220;off&#8220; button_border_width__hover_enabled=&#8220;off&#8220; button_one_border_width__hover_enabled=&#8220;off&#8220; button_two_border_width__hover_enabled=&#8220;off&#8220; button_border_color__hover_enabled=&#8220;off&#8220; button_one_border_color__hover_enabled=&#8220;off&#8220; button_two_border_color__hover_enabled=&#8220;off&#8220; button_border_radius__hover_enabled=&#8220;off&#8220; button_one_border_radius__hover_enabled=&#8220;off&#8220; button_two_border_radius__hover_enabled=&#8220;off&#8220; button_letter_spacing__hover_enabled=&#8220;off&#8220; button_one_letter_spacing__hover_enabled=&#8220;off&#8220; button_two_letter_spacing__hover_enabled=&#8220;off&#8220; button_bg_color__hover_enabled=&#8220;off&#8220; button_one_bg_color__hover_enabled=&#8220;off&#8220; button_two_bg_color__hover_enabled=&#8220;off&#8220;][\/et_pb_contact_field][\/et_pb_contact_form][et_pb_code _builder_version=&#8220;4.27.4&#8243; _module_preset=&#8220;default&#8220; global_colors_info=&#8220;{}&#8220;]<script type=\"text\/javascript\" src=\"https:\/\/c.seznam.cz\/js\/rc.js\"><\/script><!-- [et_pb_line_break_holder] --><script><!-- [et_pb_line_break_holder] -->  window.sznIVA.IS.updateIdentities({<!-- [et_pb_line_break_holder] -->    eid: null<!-- [et_pb_line_break_holder] -->  });<!-- [et_pb_line_break_holder] --><!-- [et_pb_line_break_holder] -->  var conversionConf = {<!-- [et_pb_line_break_holder] -->    id: 100222958,<!-- [et_pb_line_break_holder] -->    value: null,<!-- [et_pb_line_break_holder] -->    consent: null<!-- [et_pb_line_break_holder] -->  };<!-- [et_pb_line_break_holder] -->  window.rc.conversionHit(conversionConf);<!-- [et_pb_line_break_holder] --><\/script><!-- [et_pb_line_break_holder] -->[\/et_pb_code][et_pb_code _builder_version=&#8220;4.27.4&#8243; _module_preset=&#8220;default&#8220; global_colors_info=&#8220;{}&#8220;]<script type=\"text\/javascript\" src=\"https:\/\/c.seznam.cz\/js\/rc.js\"><\/script><!-- [et_pb_line_break_holder] --><script><!-- [et_pb_line_break_holder] -->  window.sznIVA.IS.updateIdentities({<!-- [et_pb_line_break_holder] -->    eid: null<!-- [et_pb_line_break_holder] -->  });<!-- [et_pb_line_break_holder] --><!-- [et_pb_line_break_holder] -->  var conversionConf = {<!-- [et_pb_line_break_holder] -->    id: 100222958,<!-- [et_pb_line_break_holder] -->    value: null,<!-- [et_pb_line_break_holder] -->    consent: null<!-- [et_pb_line_break_holder] -->  };<!-- [et_pb_line_break_holder] -->  window.rc.conversionHit(conversionConf);<!-- [et_pb_line_break_holder] --><\/script>[\/et_pb_code][et_pb_social_media_follow _builder_version=&#8220;4.25.1&#8243; _module_preset=&#8220;default&#8220; text_orientation=&#8220;center&#8220; custom_padding=&#8220;||1px|||&#8220; text_orientation_tablet=&#8220;center&#8220; text_orientation_phone=&#8220;center&#8220; text_orientation_last_edited=&#8220;on|phone&#8220; border_radii=&#8220;on|100px|100px|100px|100px&#8220; border_width_all=&#8220;1px&#8220; border_color_all=&#8220;#FFFFFF&#8220; locked=&#8220;off&#8220; global_colors_info=&#8220;{}&#8220; icon_color__hover_enabled=&#8220;on|hover&#8220; icon_color__hover=&#8220;#0C71C3&#8243;][et_pb_social_media_follow_network social_network=&#8220;facebook&#8220; url=&#8220;https:\/\/www.facebook.com\/VojtechVlkPhoto&#8220; icon_color=&#8220;#000000&#8243; use_icon_font_size=&#8220;on&#8220; icon_color_last_edited=&#8220;off|desktop&#8220; _builder_version=&#8220;4.25.1&#8243; _module_preset=&#8220;default&#8220; custom_padding=&#8220;4px|4px|4px|4px|true|true&#8220; border_color_all=&#8220;#000000&#8243; global_colors_info=&#8220;{}&#8220; background__hover_enabled=&#8220;on|hover&#8220; background_color__hover=&#8220;#3b5998&#8243; background_enable_color__hover=&#8220;on&#8220; icon_color__hover_enabled=&#8220;on|hover&#8220; icon_color__hover=&#8220;#FFFFFF&#8220; follow_button=&#8220;off&#8220; url_new_window=&#8220;on&#8220;]facebook[\/et_pb_social_media_follow_network][et_pb_social_media_follow_network social_network=&#8220;instagram&#8220; url=&#8220;https:\/\/www.instagram.com\/lupusson\/&#8220; icon_color=&#8220;#000000&#8243; _builder_version=&#8220;4.25.1&#8243; _module_preset=&#8220;default&#8220; background_enable_color=&#8220;off&#8220; custom_padding=&#8220;4px|4px|4px|4px|true|true&#8220; border_color_all=&#8220;#000000&#8243; global_colors_info=&#8220;{}&#8220; background__hover_enabled=&#8220;on|hover&#8220; background_color__hover=&#8220;#ea2c59&#8243; background_enable_color__hover=&#8220;on&#8220; icon_color__hover_enabled=&#8220;on|hover&#8220; icon_color__hover=&#8220;#FFFFFF&#8220; follow_button=&#8220;off&#8220; url_new_window=&#8220;on&#8220;]instagram[\/et_pb_social_media_follow_network][et_pb_social_media_follow_network social_network=&#8220;linkedin&#8220; url=&#8220;https:\/\/www.linkedin.com\/in\/vojtech-vlk-74b2b641\/&#8220; icon_color=&#8220;#000000&#8243; icon_color_last_edited=&#8220;off|desktop&#8220; _builder_version=&#8220;4.25.1&#8243; _module_preset=&#8220;default&#8220; background_enable_color=&#8220;off&#8220; custom_padding=&#8220;4px|4px|4px|4px|true|true&#8220; border_color_all=&#8220;#000000&#8243; global_colors_info=&#8220;{}&#8220; background__hover_enabled=&#8220;on|hover&#8220; background_color__hover=&#8220;#007bb6&#8243; background_enable_color__hover=&#8220;on&#8220; icon_color__hover_enabled=&#8220;on|hover&#8220; icon_color__hover=&#8220;#FFFFFF&#8220; follow_button=&#8220;off&#8220; url_new_window=&#8220;on&#8220;]linkedin[\/et_pb_social_media_follow_network][et_pb_social_media_follow_network social_network=&#8220;whatsapp&#8220; url=&#8220;https:\/\/wa.me\/607906940&#8243; icon_color=&#8220;#000000&#8243; use_icon_font_size=&#8220;on&#8220; _builder_version=&#8220;4.25.1&#8243; _module_preset=&#8220;default&#8220; background_color=&#8220;#FFFFFF&#8220; background_enable_color=&#8220;on&#8220; custom_padding=&#8220;4px|4px|4px|4px|true|true&#8220; border_color_all=&#8220;#242424&#8243; global_colors_info=&#8220;{}&#8220; background__hover_enabled=&#8220;on|hover&#8220; background_color__hover=&#8220;#25d366&#8243; background_enable_color__hover=&#8220;on&#8220; icon_color__hover_enabled=&#8220;on|hover&#8220; icon_color__hover=&#8220;#FFFFFF&#8220; follow_button=&#8220;off&#8220; url_new_window=&#8220;on&#8220;]whatsapp[\/et_pb_social_media_follow_network][\/et_pb_social_media_follow][\/et_pb_column][\/et_pb_row][et_pb_row column_structure=&#8220;1_3,1_3,1_3&#8243; _builder_version=&#8220;4.20.0&#8243; _module_preset=&#8220;_initial&#8220; max_width=&#8220;1200px&#8220; custom_margin=&#8220;|auto|0px|auto||&#8220; border_color_all=&#8220;gcid-e6f8585f-043d-4f05-ad96-fb05b9e45208&#8243; border_width_top=&#8220;1px&#8220; global_colors_info=&#8220;{%22gcid-e6f8585f-043d-4f05-ad96-fb05b9e45208%22:%91%22border_color_all%22%93}&#8220;][et_pb_column type=&#8220;1_3&#8243; _builder_version=&#8220;4.20.0&#8243; _module_preset=&#8220;default&#8220; global_colors_info=&#8220;{}&#8220;][et_pb_text _builder_version=&#8220;4.24.2&#8243; _module_preset=&#8220;_initial&#8220; text_font=&#8220;Montserrat||||||||&#8220; header_5_font=&#8220;Montserrat|700||on|||||&#8220; header_5_text_color=&#8220;#000000&#8243; custom_margin=&#8220;||0px||false|false&#8220; text_orientation_tablet=&#8220;center&#8220; text_orientation_phone=&#8220;&#8220; text_orientation_last_edited=&#8220;on|tablet&#8220; global_colors_info=&#8220;{}&#8220;]<\/p>\n<h5>adress<\/h5>\n<p>[\/et_pb_text][et_pb_text _builder_version=&#8220;4.24.2&#8243; _module_preset=&#8220;_initial&#8220; text_font=&#8220;Montserrat||||||||&#8220; text_text_color=&#8220;#000000&#8243; link_text_color=&#8220;gcid-e6f8585f-043d-4f05-ad96-fb05b9e45208&#8243; text_orientation_tablet=&#8220;center&#8220; text_orientation_phone=&#8220;&#8220; text_orientation_last_edited=&#8220;on|tablet&#8220; global_colors_info=&#8220;{%22gcid-e6f8585f-043d-4f05-ad96-fb05b9e45208%22:%91%22link_text_color%22%93}&#8220;]<\/p>\n<p>\u017ditn\u00e1 32, Praha 2, 120 00<\/p>\n<p>[\/et_pb_text][\/et_pb_column][et_pb_column type=&#8220;1_3&#8243; _builder_version=&#8220;4.20.0&#8243; _module_preset=&#8220;default&#8220; global_colors_info=&#8220;{}&#8220;][et_pb_text _builder_version=&#8220;4.25.1&#8243; _module_preset=&#8220;_initial&#8220; header_5_font=&#8220;Montserrat|700||on|||||&#8220; header_5_text_color=&#8220;#000000&#8243; text_orientation=&#8220;center&#8220; custom_margin=&#8220;||0px||false|false&#8220; global_colors_info=&#8220;{}&#8220;]<\/p>\n<h5>telephone<\/h5>\n<p>[\/et_pb_text][et_pb_text _builder_version=&#8220;4.25.1&#8243; _module_preset=&#8220;_initial&#8220; text_font=&#8220;Montserrat||||||||&#8220; text_text_color=&#8220;#000000&#8243; link_text_color=&#8220;gcid-e6f8585f-043d-4f05-ad96-fb05b9e45208&#8243; text_orientation=&#8220;center&#8220; global_colors_info=&#8220;{%22gcid-e6f8585f-043d-4f05-ad96-fb05b9e45208%22:%91%22link_text_color%22%93}&#8220;]<\/p>\n<p><a href=\"tel:+420607906940\">+420 607 906 940<\/a><\/p>\n<p>[\/et_pb_text][\/et_pb_column][et_pb_column type=&#8220;1_3&#8243; _builder_version=&#8220;4.20.0&#8243; _module_preset=&#8220;default&#8220; global_colors_info=&#8220;{}&#8220;][et_pb_text _builder_version=&#8220;4.24.2&#8243; _module_preset=&#8220;_initial&#8220; header_5_font=&#8220;Montserrat|700||on|||||&#8220; header_5_text_color=&#8220;#000000&#8243; text_orientation=&#8220;right&#8220; custom_margin=&#8220;||0px||false|false&#8220; text_orientation_tablet=&#8220;center&#8220; text_orientation_phone=&#8220;&#8220; text_orientation_last_edited=&#8220;on|tablet&#8220; global_colors_info=&#8220;{}&#8220;]<\/p>\n<h5>Email<\/h5>\n<p>[\/et_pb_text][et_pb_text _builder_version=&#8220;4.25.1&#8243; _module_preset=&#8220;_initial&#8220; text_font=&#8220;Montserrat||||||||&#8220; text_text_color=&#8220;#000000&#8243; link_text_color=&#8220;gcid-e6f8585f-043d-4f05-ad96-fb05b9e45208&#8243; text_orientation=&#8220;right&#8220; text_orientation_tablet=&#8220;center&#8220; text_orientation_phone=&#8220;&#8220; text_orientation_last_edited=&#8220;on|tablet&#8220; global_colors_info=&#8220;{%22gcid-e6f8585f-043d-4f05-ad96-fb05b9e45208%22:%91%22link_text_color%22%93}&#8220;]<\/p>\n<p><a href=\"mailto:info@vojtechvlk.com\">info@vojtechvlk.com<\/a><\/p>\n<p>[\/et_pb_text][\/et_pb_column][\/et_pb_row][\/et_pb_section]<\/p>","protected":false},"excerpt":{"rendered":"<p>Firemn\u00ed portr\u00e9tyby Vojt\u011bch VlkProfesion\u00e1ln\u00ed firemn\u00ed portr\u00e9ty s lidsk\u00fdm p\u0159\u00edstupemKvalitn\u00ed byznys portr\u00e9ty jednotlivc\u016f i cel\u00fdch t\u00fdm\u016f \u2013 v p\u0159\u00edjemn\u00e9 atmosf\u00e9\u0159e a se \u0161pi\u010dkov\u00fdm v\u00fdsledkemPrvn\u00ed dojem je d\u016fle\u017eit\u00fd \u2013 a kvalitn\u00ed firemn\u00ed portr\u00e9t je jeho ned\u00edlnou sou\u010d\u00e1st\u00ed. N\u00e1\u0161 t\u00fdm pod veden\u00edm fotografa Vojty Vlka se specializuje na profesion\u00e1ln\u00ed portr\u00e9ty, kter\u00e9 p\u0159irozen\u011b zachycuj\u00ed osobnost ka\u017ed\u00e9ho \u010dlov\u011bka. S v\u00edce [&hellip;]<\/p>","protected":false},"author":1,"featured_media":794,"parent":0,"menu_order":0,"comment_status":"closed","ping_status":"closed","template":"","meta":{"_et_pb_use_builder":"on","_et_pb_old_content":"","_et_gb_content_width":"","footnotes":""},"class_list":["post-50","page","type-page","status-publish","has-post-thumbnail","hentry"],"_links":{"self":[{"href":"https:\/\/firemniportrety.cz\/en\/wp-json\/wp\/v2\/pages\/50","targetHints":{"allow":["GET"]}}],"collection":[{"href":"https:\/\/firemniportrety.cz\/en\/wp-json\/wp\/v2\/pages"}],"about":[{"href":"https:\/\/firemniportrety.cz\/en\/wp-json\/wp\/v2\/types\/page"}],"author":[{"embeddable":true,"href":"https:\/\/firemniportrety.cz\/en\/wp-json\/wp\/v2\/users\/1"}],"replies":[{"embeddable":true,"href":"https:\/\/firemniportrety.cz\/en\/wp-json\/wp\/v2\/comments?post=50"}],"version-history":[{"count":180,"href":"https:\/\/firemniportrety.cz\/en\/wp-json\/wp\/v2\/pages\/50\/revisions"}],"predecessor-version":[{"id":1400,"href":"https:\/\/firemniportrety.cz\/en\/wp-json\/wp\/v2\/pages\/50\/revisions\/1400"}],"wp:featuredmedia":[{"embeddable":true,"href":"https:\/\/firemniportrety.cz\/en\/wp-json\/wp\/v2\/media\/794"}],"wp:attachment":[{"href":"https:\/\/firemniportrety.cz\/en\/wp-json\/wp\/v2\/media?parent=50"}],"curies":[{"name":"wp","href":"https:\/\/api.w.org\/{rel}","templated":true}]}}